{"id":14,"date":"2011-03-25T09:43:18","date_gmt":"2011-03-25T09:43:18","guid":{"rendered":"http:\/\/apes-lyon.fr\/?page_id=14"},"modified":"2016-03-02T06:29:27","modified_gmt":"2016-03-02T06:29:27","slug":"eleves-parents","status":"publish","type":"page","link":"https:\/\/apes-lyon.fr\/?page_id=14","title":{"rendered":"El\u00e8ves &#038; Parents"},"content":{"rendered":"<p style=\"text-align: justify;\"><img loading=\"lazy\" decoding=\"async\" class=\"alignleft size-full wp-image-1803\" title=\"ecole LSF\" src=\"https:\/\/apes-lyon.fr\/wp-content\/uploads\/ecole-LSF.jpg\" alt=\"\" width=\"207\" height=\"243\" \/><\/p>\n<p style=\"text-align: justify;\"><strong>Quand une fili\u00e8re de soin fait taire l&#8217;enfance sourde<\/strong>, un article de A Meynard, Psychanalyste &#8211; Universit\u00e9 Aix-Marseille 1. Un article tr\u00e8s int\u00e9ressant \u00e0 lire \u00e0 propos du pr\u00e9tendu &#8220;choix parental&#8221; offert aux parents d&#8217;enfants sourds et de l&#8217;influence du tout bio-m\u00e9dical face aux enjeux de la surdit\u00e9. (<a href=\"..\/..\/..\/..\/..\/wp-content\/uploads\/le-pretendu-choix-parental.pdf\">pdf 4,4Mo<\/a>)<\/p>\n<p style=\"text-align: justify;\"><strong>D\u00e9finition du bilinguisme fran\u00e7ais-langue des signes fran\u00e7aise, en situation scolaire<\/strong>. Il convient de pr\u00e9ciser, dans le cadre de l&#8217;enseignement scolaire, le sens de l&#8217;expression \u00abcommunication bilingue\u00bb contenue dans l&#8217;article L. 112-2-2. Les pr\u00e9cisions qui suivent r\u00e9sultent des conclusions unanimes d&#8217;un groupe d&#8217;experts, comp\u00e9tents dans le domaine de la linguistique, de la d\u00e9ficience auditive, de la communication et de l&#8217;institution scolaire, mis en place par le minist\u00e8re de l&#8217;\u00c9ducation nationale en 2006.<a href=\"http:\/\/www.education.gouv.fr\/cid22246\/mene0800665c.html\"> Lire la d\u00e9finition.<\/a><\/p>\n<p style=\"text-align: justify;\">La LSF est introduite \u00e0 titre d\u2019option facultative pour la session 2012 du dipl\u00f4me national du <strong><a href=\"ww2.ac-poitiers.fr\/...\/cadrage_DNB_2012_avec_LPC_et_Hida.pdf\">brevet des coll\u00e8ges<\/a> (DNB)<\/strong>. Cependant, elle ne peut remplacer une langue vivante 2, elle est introduite \u00e0 titre d&#8217;option facultative.<\/p>\n<p>Le <strong>brevet de technicien sup\u00e9rieur<\/strong> (<strong>BTS<\/strong>), dipl\u00f4me national de l\u2019enseignement sup\u00e9rieur fran\u00e7ais. propose officiellement depuis mars 2011 la <strong>Langue des signes fran\u00e7aises LSF<\/strong> comme langue vivante en <strong><a href=\"http:\/\/www.education.gouv.fr\/cid52631\/esrs1009888n.html\">\u00e9preuve facultative<\/a><\/strong>. L\u2019\u00e9preuve facultative de langue des signes fran\u00e7aise prend appui sur un document apport\u00e9 par l\u2019examinateur. Durant toute l\u2019\u00e9preuve, l\u2019examinateur et le candidat ne communiquent qu\u2019en<strong> langue des signes<\/strong> \u00e0 l\u2019exclusion de tout autre langage. \u00c9preuve dure 20 minutes, pr\u00e9c\u00e9d\u00e9e d\u2019un temps de pr\u00e9paration de 20 minutes<\/p>\n<p style=\"text-align: justify;\"><strong>Surdit\u00e9, et si tout le monde y passait ? <\/strong>Comment d\u00e9pister quelque chose que l\u2019on ne voit pas et qui ne laisse pas de trace ? C\u2019est tout l\u2019enjeu du <a href=\"https:\/\/apes-lyon.fr\/wp-content\/uploads\/article21102010_ordonnance_ou_la_vie.pdf\" target=\"_blank\">d\u00e9pistage pr\u00e9coce de la surdit\u00e9<\/a>, car \u00eatre sourd \u00e7a ne se voit pas, surtout chez un b\u00e9b\u00e9.\u00a0 Article de Am\u00e9lie Armand paru le 21\/12\/2010 sur le site instructif d&#8217; &#8220;Ordonnance ou la Vie ?&#8221;<\/p>\n<p style=\"text-align: justify;\"><strong>CCNE \u00c9thique et surdit\u00e9<br \/>\n<\/strong>AVIS n\u00b0103 \u00ab <a href=\"https:\/\/apes-lyon.fr\/wp-content\/uploads\/CCNE-Ethique_et_surdite.pdf\" target=\"_blank\">\u00c9thique et surdit\u00e9 de l\u2019enfant : \u00e9l\u00e9ments de r\u00e9flexion \u00e0 propos de l&#8217;information sur le d\u00e9pistage syst\u00e9matique n\u00e9onatal et la prise en charge des enfants sourds<\/a> \u00bb<\/p>\n<p style=\"text-align: justify;\"><strong>La mise en place des PASS dans les acad\u00e9mies<\/strong><br \/>\n<a href=\"http:\/\/www.esen.education.fr\/fr\/les-formations\/formation-continue\/ressources\/10nden0008\/\" target=\"_blank\">S\u00e9minaire national de l&#8217;ESEN<\/a> &#8211; 16 et 17 septembre 2010<\/p>\n<p style=\"text-align: justify;\"><strong>\u00c9ducation et parcours scolaire des jeunes sourds<\/strong> (application de l&#8217;article L.112-2-2 du Code de l&#8217;\u00e9ducation)<br \/>\n<a href=\"http:\/\/www.legifrance.gouv.fr\/affichTexte.do?cidTexte=JORFTEXT000000816538&amp;dateTexte=\" target=\"_blank\">D\u00e9cret n\u00b0 2006-509 du 3 mai 2006<\/a><br \/>\n&#8220;Il pr\u00e9cise les conditions dans lesquelles s&#8217;exerce, pour les jeunes sourds et leurs familles, le choix du mode de communication retenu pour leur \u00e9ducation et leur parcours scolaire.&#8221; (site du minist\u00e8re de l&#8217;\u00e9ducation nationale)<\/p>\n<p style=\"text-align: justify;\"><strong>Organisation des &#8220;P\u00f4les pour l&#8217;accompagnement \u00e0 la scolarisation des jeunes sourds&#8221; (PASS)<\/strong><br \/>\n<a href=\"http:\/\/www.education.gouv.fr\/cid52184\/mene1013746c.html\" target=\"_blank\">Circulaire n\u00b0 2010-068 du 28 mai 2010<\/a><\/p>\n<p style=\"text-align: justify;\"><strong>Conditions de mise en \u0153uvre du programme de langue des signes fran\u00e7aise \u00e0 l&#8217;\u00e9cole primaire<\/strong><br \/>\n<a href=\"http:\/\/www.education.gouv.fr\/cid22246\/mene0800665c.html\" target=\"_blank\">Circulaire n\u00b0 2008-109 du 21 ao\u00fbt 2008<\/a><\/p>\n<p style=\"text-align: justify;\"><strong>Enseignement de la langue des signes fran\u00e7aise \u00e0 l&#8217;\u00e9cole primaire<\/strong><br \/>\n<a href=\"http:\/\/www.education.gouv.fr\/cid22247\/mene0817503a.html\" target=\"_blank\">Arr\u00eat\u00e9 du 15 juillet 2008<\/a><\/p>\n<p style=\"text-align: justify;\"><strong>L&#8217;interpr\u00e8te : le passeur entre deux langues, deux cultures<\/strong><br \/>\nPierre GUITTENY, interpr\u00e8te dipl\u00f4m\u00e9, docteur en linguistique et responsable du Centre d&#8217;information de l&#8217;INJS de Gradignan<br \/>\n* <a href=\"http:\/\/www.esen.education.fr\/fileadmin\/user_upload\/Modules\/Formations\/ressources\/10NDEN0008\/10nden0008_guitteny_p_diapo.pdf\">Diaporama<\/a> (pdf, 3,6 Mo)<\/p>\n","protected":false},"excerpt":{"rendered":"<p>Quand une fili\u00e8re de soin fait taire l&#8217;enfance sourde, un article de A Meynard, Psychanalyste &#8211; Universit\u00e9 Aix-Marseille 1. Un article tr\u00e8s int\u00e9ressant \u00e0 lire \u00e0 propos du pr\u00e9tendu &#8220;choix parental&#8221; offert aux parents d&#8217;enfants sourds et de l&#8217;influence du tout bio-m\u00e9dical face aux enjeux de la surdit\u00e9. (pdf 4,4Mo) D\u00e9finition du bilinguisme fran\u00e7ais-langue des &hellip; <\/p>\n<p><a class=\"more-link btn\" href=\"https:\/\/apes-lyon.fr\/?page_id=14\">Lire la suite<\/a><\/p>\n","protected":false},"author":10,"featured_media":0,"parent":1308,"menu_order":4,"comment_status":"closed","ping_status":"closed","template":"","meta":{"ngg_post_thumbnail":0,"footnotes":""},"class_list":["post-14","page","type-page","status-publish","hentry","nodate","item-wrap"],"_links":{"self":[{"href":"https:\/\/apes-lyon.fr\/index.php?rest_route=\/wp\/v2\/pages\/14","targetHints":{"allow":["GET"]}}],"collection":[{"href":"https:\/\/apes-lyon.fr\/index.php?rest_route=\/wp\/v2\/pages"}],"about":[{"href":"https:\/\/apes-lyon.fr\/index.php?rest_route=\/wp\/v2\/types\/page"}],"author":[{"embeddable":true,"href":"https:\/\/apes-lyon.fr\/index.php?rest_route=\/wp\/v2\/users\/10"}],"replies":[{"embeddable":true,"href":"https:\/\/apes-lyon.fr\/index.php?rest_route=%2Fwp%2Fv2%2Fcomments&post=14"}],"version-history":[{"count":18,"href":"https:\/\/apes-lyon.fr\/index.php?rest_route=\/wp\/v2\/pages\/14\/revisions"}],"predecessor-version":[{"id":3944,"href":"https:\/\/apes-lyon.fr\/index.php?rest_route=\/wp\/v2\/pages\/14\/revisions\/3944"}],"up":[{"embeddable":true,"href":"https:\/\/apes-lyon.fr\/index.php?rest_route=\/wp\/v2\/pages\/1308"}],"wp:attachment":[{"href":"https:\/\/apes-lyon.fr\/index.php?rest_route=%2Fwp%2Fv2%2Fmedia&parent=14"}],"curies":[{"name":"wp","href":"https:\/\/api.w.org\/{rel}","templated":true}]}}